{"id":3895,"date":"2024-02-28T10:11:16","date_gmt":"2024-02-28T14:11:16","guid":{"rendered":"https:\/\/tropiques-atrium.fr\/scene-nationale\/?page_id=3895"},"modified":"2024-02-28T10:53:47","modified_gmt":"2024-02-28T14:53:47","slug":"le-sacre-du-sucre","status":"publish","type":"page","link":"https:\/\/tropiques-atrium.fr\/scene-nationale\/ceiba24\/le-sacre-du-sucre\/","title":{"rendered":"Le sacre du sucre"},"content":{"rendered":"\t\t<div data-elementor-type=\"wp-page\" data-elementor-id=\"3895\" class=\"elementor elementor-3895\" data-elementor-post-type=\"page\">\n\t\t\t\t<div class=\"elementor-element elementor-element-6b175d8 e-flex e-con-boxed e-con e-parent\" data-id=\"6b175d8\" data-element_type=\"container\">\n\t\t\t\t\t<div class=\"e-con-inner\">\n\t\t<div class=\"elementor-element elementor-element-6364341 e-con-full e-flex e-con e-child\" data-id=\"6364341\" data-element_type=\"container\" data-settings=\"{&quot;background_background&quot;:&quot;video&quot;,&quot;background_video_link&quot;:&quot;https:\\\/\\\/youtu.be\\\/WPfFrV2e2rQ&quot;,&quot;background_play_on_mobile&quot;:&quot;yes&quot;}\">\n\t\t<div class=\"elementor-background-video-container\">\n\t\t\t\t\t\t\t<div class=\"elementor-background-video-embed\"><\/div>\n\t\t\t\t\t\t<\/div>\t\t<\/div>\n\t\t<div class=\"elementor-element elementor-element-164e023 e-con-full e-flex e-con e-child\" data-id=\"164e023\" data-element_type=\"container\">\n\t\t\t\t<div class=\"elementor-element elementor-element-25e19de elementor-widget elementor-widget-heading\" data-id=\"25e19de\" data-element_type=\"widget\" data-widget_type=\"heading.default\">\n\t\t\t\t<div class=\"elementor-widget-container\">\n\t\t\t<style>\/*! elementor - v3.23.0 - 05-08-2024 *\/\n.elementor-heading-title{padding:0;margin:0;line-height:1}.elementor-widget-heading .elementor-heading-title[class*=elementor-size-]>a{color:inherit;font-size:inherit;line-height:inherit}.elementor-widget-heading .elementor-heading-title.elementor-size-small{font-size:15px}.elementor-widget-heading .elementor-heading-title.elementor-size-medium{font-size:19px}.elementor-widget-heading .elementor-heading-title.elementor-size-large{font-size:29px}.elementor-widget-heading .elementor-heading-title.elementor-size-xl{font-size:39px}.elementor-widget-heading .elementor-heading-title.elementor-size-xxl{font-size:59px}<\/style><h1 class=\"elementor-heading-title elementor-size-default\">Le sacre du sucre<\/h1>\t\t<\/div>\n\t\t\t\t<\/div>\n\t\t\t\t<div class=\"elementor-element elementor-element-47ba3e5 elementor-widget elementor-widget-text-editor\" data-id=\"47ba3e5\" data-element_type=\"widget\" data-widget_type=\"text-editor.default\">\n\t\t\t\t<div class=\"elementor-widget-container\">\n\t\t\t<style>\/*! elementor - v3.23.0 - 05-08-2024 *\/\n.elementor-widget-text-editor.elementor-drop-cap-view-stacked .elementor-drop-cap{background-color:#69727d;color:#fff}.elementor-widget-text-editor.elementor-drop-cap-view-framed .elementor-drop-cap{color:#69727d;border:3px solid;background-color:transparent}.elementor-widget-text-editor:not(.elementor-drop-cap-view-default) .elementor-drop-cap{margin-top:8px}.elementor-widget-text-editor:not(.elementor-drop-cap-view-default) .elementor-drop-cap-letter{width:1em;height:1em}.elementor-widget-text-editor .elementor-drop-cap{float:left;text-align:center;line-height:1;font-size:50px}.elementor-widget-text-editor .elementor-drop-cap-letter{display:inline-block}<\/style>\t\t\t\t<p>Le &#8220;sucre&#8221; est l&#8217;estampille d&#8217;une exp\u00e9rience unique dans l&#8217;histoire de l&#8217;humanit\u00e9, celle de la colonisation; o\u00f9 les corps ont \u00e9t\u00e9 au bout de leur d\u00e9shumanisation. L\u0113nablou, h\u00e9riti\u00e8re de cette histoire nous embarque dans cette \u00e9tincelle sensible de la cr\u00e9ation humaine : l&#8217;art du fap-fap, de l&#8217;inattendu, de l&#8217;improbable, de la rupture, de l&#8217;impr\u00e9visible; en somme, une esth\u00e9tique de l&#8217;harmonie du d\u00e9sordre .<\/p><p>&#8220;Le Sacre du sucre&#8221; signe l\u2019av\u00e8nement d\u2019un style de vie qui s\u2019est plant\u00e9 en terre carib\u00e9enne. La canne \u00e0 sucre a enracin\u00e9 des hommes, des femmes, une histoire, une m\u00e9moire, une culture. Cette tige v\u00e9g\u00e9tale fait r\u00e9sonner dans l\u2019imaginaire des uns et des autres des mots qui rappellent la souffrance et invitent \u00e0 la collision des diff\u00e9rences. Esclave\/ma\u00eetre\/Blanc\/Noir alimentent encore et encore nos \u00e9motions.<\/p><p>&#8220;Le Sacre du sucre&#8221; de la chor\u00e9graphe L\u0113nablou refuse la narration de l\u2019h\u00e9ritage colonial. Ici et maintenant, elle danse le geste ancestral o\u00f9 l\u2019homme africain, europ\u00e9en, am\u00e9rindien, indien, en a cr\u00e9\u00e9 de nouveaux. Une danse l\u00e9zard\u00e9e, chaotique, parfois siwomy\u00e8l (sirop miel), toujours en attente d\u2019une r\u00e8priz, d\u2019un souffle, pour acter la vie.<\/p><p>Le corps branlant converse avec le son et avec lui-m\u00eame pour \u00e9crire son propre r\u00e9cit, d\u00e9barrass\u00e9 de tous oripeaux, libre de se penser et de penser le monde.<\/p>\t\t\t\t\t\t<\/div>\n\t\t\t\t<\/div>\n\t\t\t\t<\/div>\n\t\t\t\t\t<\/div>\n\t\t\t\t<\/div>\n\t\t<div class=\"elementor-element elementor-element-a1dbc38 e-flex e-con-boxed e-con e-parent\" data-id=\"a1dbc38\" data-element_type=\"container\">\n\t\t\t\t\t<div class=\"e-con-inner\">\n\t\t\t\t<div class=\"elementor-element elementor-element-539f6d8 elementor-widget elementor-widget-heading\" data-id=\"539f6d8\" data-element_type=\"widget\" data-widget_type=\"heading.default\">\n\t\t\t\t<div class=\"elementor-widget-container\">\n\t\t\t<h2 class=\"elementor-heading-title elementor-size-default\">Jeudi 07 mars <br>\nSalle Frantz Fanon\n19h30\n\n<\/h2>\t\t<\/div>\n\t\t\t\t<\/div>\n\t\t\t\t\t<\/div>\n\t\t\t\t<\/div>\n\t\t<div class=\"elementor-element elementor-element-5e9d05e e-flex e-con-boxed e-con e-parent\" data-id=\"5e9d05e\" data-element_type=\"container\">\n\t\t\t\t\t<div class=\"e-con-inner\">\n\t\t\t\t<div class=\"elementor-element elementor-element-8b6d637 elementor-align-center elementor-widget elementor-widget-button\" data-id=\"8b6d637\" data-element_type=\"widget\" data-widget_type=\"button.default\">\n\t\t\t\t<div class=\"elementor-widget-container\">\n\t\t\t\t\t<div class=\"elementor-button-wrapper\">\n\t\t\t<a class=\"elementor-button elementor-button-link elementor-size-xl\" href=\"https:\/\/billetterie.tropiques-atrium.fr\/spectacle?id_spectacle=3634&#038;lng=1\">\n\t\t\t\t\t\t<span class=\"elementor-button-content-wrapper\">\n\t\t\t\t\t\t\t\t\t<span class=\"elementor-button-text\">R\u00e9servez en ligne<\/span>\n\t\t\t\t\t<\/span>\n\t\t\t\t\t<\/a>\n\t\t<\/div>\n\t\t\t\t<\/div>\n\t\t\t\t<\/div>\n\t\t\t\t<div class=\"elementor-element elementor-element-797ae89 elementor-widget elementor-widget-text-editor\" data-id=\"797ae89\" data-element_type=\"widget\" data-widget_type=\"text-editor.default\">\n\t\t\t\t<div class=\"elementor-widget-container\">\n\t\t\t\t\t\t\tOu par t\u00e9l\u00e9hone : 0596 70 79 29 (du mardi au vendredi 9h-19h &#8211; le samedi 9h-13h)\t\t\t\t\t\t<\/div>\n\t\t\t\t<\/div>\n\t\t\t\t\t<\/div>\n\t\t\t\t<\/div>\n\t\t\t\t<\/div>\n\t\t","protected":false},"excerpt":{"rendered":"<p>Le sacre du sucre Le &#8220;sucre&#8221; est l&#8217;estampille d&#8217;une exp\u00e9rience unique dans l&#8217;histoire de l&#8217;humanit\u00e9, celle de la colonisation; o\u00f9&#8230;<\/p>\n","protected":false},"author":1,"featured_media":0,"parent":3497,"menu_order":0,"comment_status":"closed","ping_status":"closed","template":"","meta":{"footnotes":""},"_links":{"self":[{"href":"https:\/\/tropiques-atrium.fr\/scene-nationale\/wp-json\/wp\/v2\/pages\/3895"}],"collection":[{"href":"https:\/\/tropiques-atrium.fr\/scene-nationale\/wp-json\/wp\/v2\/pages"}],"about":[{"href":"https:\/\/tropiques-atrium.fr\/scene-nationale\/wp-json\/wp\/v2\/types\/page"}],"author":[{"embeddable":true,"href":"https:\/\/tropiques-atrium.fr\/scene-nationale\/wp-json\/wp\/v2\/users\/1"}],"replies":[{"embeddable":true,"href":"https:\/\/tropiques-atrium.fr\/scene-nationale\/wp-json\/wp\/v2\/comments?post=3895"}],"version-history":[{"count":16,"href":"https:\/\/tropiques-atrium.fr\/scene-nationale\/wp-json\/wp\/v2\/pages\/3895\/revisions"}],"predecessor-version":[{"id":3915,"href":"https:\/\/tropiques-atrium.fr\/scene-nationale\/wp-json\/wp\/v2\/pages\/3895\/revisions\/3915"}],"up":[{"embeddable":true,"href":"https:\/\/tropiques-atrium.fr\/scene-nationale\/wp-json\/wp\/v2\/pages\/3497"}],"wp:attachment":[{"href":"https:\/\/tropiques-atrium.fr\/scene-nationale\/wp-json\/wp\/v2\/media?parent=3895"}],"curies":[{"name":"wp","href":"https:\/\/api.w.org\/{rel}","templated":true}]}}