{"id":3821,"date":"2024-02-28T08:59:24","date_gmt":"2024-02-28T12:59:24","guid":{"rendered":"https:\/\/tropiques-atrium.fr\/scene-nationale\/?page_id=3821"},"modified":"2024-02-28T09:17:34","modified_gmt":"2024-02-28T13:17:34","slug":"malandain-ballet-biarritz","status":"publish","type":"page","link":"https:\/\/tropiques-atrium.fr\/scene-nationale\/ceiba24\/malandain-ballet-biarritz\/","title":{"rendered":"Malandain Ballet Biarritz"},"content":{"rendered":"\t\t<div data-elementor-type=\"wp-page\" data-elementor-id=\"3821\" class=\"elementor elementor-3821\" data-elementor-post-type=\"page\">\n\t\t\t\t<div class=\"elementor-element elementor-element-6807215 e-flex e-con-boxed e-con e-parent\" data-id=\"6807215\" data-element_type=\"container\">\n\t\t\t\t\t<div class=\"e-con-inner\">\n\t\t<div class=\"elementor-element elementor-element-82e9790 e-con-full e-flex e-con e-child\" data-id=\"82e9790\" data-element_type=\"container\">\n\t\t\t\t<div class=\"elementor-element elementor-element-22b3491 elementor-widget elementor-widget-image\" data-id=\"22b3491\" data-element_type=\"widget\" data-widget_type=\"image.default\">\n\t\t\t\t<div class=\"elementor-widget-container\">\n\t\t\t<style>\/*! elementor - v3.23.0 - 05-08-2024 *\/\n.elementor-widget-image{text-align:center}.elementor-widget-image a{display:inline-block}.elementor-widget-image a img[src$=\".svg\"]{width:48px}.elementor-widget-image img{vertical-align:middle;display:inline-block}<\/style>\t\t\t\t\t\t\t\t\t\t<img fetchpriority=\"high\" decoding=\"async\" width=\"1024\" height=\"576\" src=\"https:\/\/tropiques-atrium.fr\/scene-nationale\/wp-content\/uploads\/sites\/13\/2024\/02\/2BoleroHoueix-1024x576-1.jpg\" class=\"attachment-large size-large wp-image-3833\" alt=\"\" srcset=\"https:\/\/tropiques-atrium.fr\/scene-nationale\/wp-content\/uploads\/sites\/13\/2024\/02\/2BoleroHoueix-1024x576-1.jpg 1024w, https:\/\/tropiques-atrium.fr\/scene-nationale\/wp-content\/uploads\/sites\/13\/2024\/02\/2BoleroHoueix-1024x576-1-300x169.jpg 300w, https:\/\/tropiques-atrium.fr\/scene-nationale\/wp-content\/uploads\/sites\/13\/2024\/02\/2BoleroHoueix-1024x576-1-768x432.jpg 768w, https:\/\/tropiques-atrium.fr\/scene-nationale\/wp-content\/uploads\/sites\/13\/2024\/02\/2BoleroHoueix-1024x576-1-585x329.jpg 585w\" sizes=\"(max-width: 1024px) 100vw, 1024px\" \/>\t\t\t\t\t\t\t\t\t\t\t\t\t<\/div>\n\t\t\t\t<\/div>\n\t\t\t\t<\/div>\n\t\t<div class=\"elementor-element elementor-element-e40f781 e-con-full e-flex e-con e-child\" data-id=\"e40f781\" data-element_type=\"container\">\n\t\t\t\t<div class=\"elementor-element elementor-element-b746b30 elementor-widget elementor-widget-image\" data-id=\"b746b30\" data-element_type=\"widget\" data-widget_type=\"image.default\">\n\t\t\t\t<div class=\"elementor-widget-container\">\n\t\t\t\t\t\t\t\t\t\t\t\t\t<img decoding=\"async\" width=\"1024\" height=\"576\" src=\"https:\/\/tropiques-atrium.fr\/scene-nationale\/wp-content\/uploads\/sites\/13\/2024\/02\/5Nocturnes-Houeix-1024x576-1.jpg\" class=\"attachment-large size-large wp-image-3832\" alt=\"\" srcset=\"https:\/\/tropiques-atrium.fr\/scene-nationale\/wp-content\/uploads\/sites\/13\/2024\/02\/5Nocturnes-Houeix-1024x576-1.jpg 1024w, https:\/\/tropiques-atrium.fr\/scene-nationale\/wp-content\/uploads\/sites\/13\/2024\/02\/5Nocturnes-Houeix-1024x576-1-300x169.jpg 300w, https:\/\/tropiques-atrium.fr\/scene-nationale\/wp-content\/uploads\/sites\/13\/2024\/02\/5Nocturnes-Houeix-1024x576-1-768x432.jpg 768w, https:\/\/tropiques-atrium.fr\/scene-nationale\/wp-content\/uploads\/sites\/13\/2024\/02\/5Nocturnes-Houeix-1024x576-1-585x329.jpg 585w\" sizes=\"(max-width: 1024px) 100vw, 1024px\" \/>\t\t\t\t\t\t\t\t\t\t\t\t\t<\/div>\n\t\t\t\t<\/div>\n\t\t\t\t<\/div>\n\t\t\t\t\t<\/div>\n\t\t\t\t<\/div>\n\t\t<div class=\"elementor-element elementor-element-22936af e-flex e-con-boxed e-con e-parent\" data-id=\"22936af\" data-element_type=\"container\">\n\t\t\t\t\t<div class=\"e-con-inner\">\n\t\t\t\t<div class=\"elementor-element elementor-element-7c47aeb elementor-widget elementor-widget-text-editor\" data-id=\"7c47aeb\" data-element_type=\"widget\" data-widget_type=\"text-editor.default\">\n\t\t\t\t<div class=\"elementor-widget-container\">\n\t\t\t<style>\/*! elementor - v3.23.0 - 05-08-2024 *\/\n.elementor-widget-text-editor.elementor-drop-cap-view-stacked .elementor-drop-cap{background-color:#69727d;color:#fff}.elementor-widget-text-editor.elementor-drop-cap-view-framed .elementor-drop-cap{color:#69727d;border:3px solid;background-color:transparent}.elementor-widget-text-editor:not(.elementor-drop-cap-view-default) .elementor-drop-cap{margin-top:8px}.elementor-widget-text-editor:not(.elementor-drop-cap-view-default) .elementor-drop-cap-letter{width:1em;height:1em}.elementor-widget-text-editor .elementor-drop-cap{float:left;text-align:center;line-height:1;font-size:50px}.elementor-widget-text-editor .elementor-drop-cap-letter{display:inline-block}<\/style>\t\t\t\t<p>Cr\u00e9\u00e9 en 1998 \u00e0 Biarritz \u00e0 l\u2019initiative du minist\u00e8re de la Culture et de la ville de Biarritz avec le soutien de la R\u00e9gion Nouvelle-Aquitaine et du Conseil d\u00e9partemental des Pyr\u00e9n\u00e9es-Atlantiques, le Malandain Ballet Biarritz est un des dix-neuf Centres Chor\u00e9graphiques Nationaux (CCN) existant en France.Le Malandain Ballet Biarritz a pour particularit\u00e9 d\u2019\u00eatre constitu\u00e9 de vingt-deux danseurs permanents form\u00e9s \u00e0 la technique classique et dont l\u2019expression au travers des chor\u00e9graphies de Thierry Malandain est actuelle. <br \/>Aujourd\u2019hui, le Malandain Ballet Biarritz fait partie des compagnies les plus vues en Europe avec 100 000 spectateurs par saison et pr\u00e8s de cent repr\u00e9sentations par an dont un tiers est donn\u00e9 \u00e0 l\u2019international.<br \/>\u00ab Ma culture est celle du ballet classique et sans complexe, j\u2019y demeure attach\u00e9. Car si je reconnais volontiers que ses codes artistiques et sociaux sont d\u2019une autre \u00e9poque, je pense aussi que cette mati\u00e8re h\u00e9rit\u00e9e de quatre si\u00e8cles d\u2019histoire donne au danseur des ressources inestimables. Alors je m\u2019amuse avec elle, devenant classique pour les uns, contemporain pour les autres, en qu\u00eate simplement d\u2019une danse que j\u2019aime. Une danse qui ne laisserait pas seulement la trace du plaisir, mais qui renouerait avec l\u2019essence du sacr\u00e9 comme une r\u00e9ponse \u00e0 la difficult\u00e9 d\u2019\u00eatre. \u00bb &#8211; Thierry Malandain<\/p>\t\t\t\t\t\t<\/div>\n\t\t\t\t<\/div>\n\t\t\t\t\t<\/div>\n\t\t\t\t<\/div>\n\t\t<div class=\"elementor-element elementor-element-db7c3c8 e-flex e-con-boxed e-con e-parent\" data-id=\"db7c3c8\" data-element_type=\"container\">\n\t\t\t\t\t<div class=\"e-con-inner\">\n\t\t\t\t<div class=\"elementor-element elementor-element-9b6f4fa elementor-align-center elementor-widget elementor-widget-button\" data-id=\"9b6f4fa\" data-element_type=\"widget\" data-widget_type=\"button.default\">\n\t\t\t\t<div class=\"elementor-widget-container\">\n\t\t\t\t\t<div class=\"elementor-button-wrapper\">\n\t\t\t<a class=\"elementor-button elementor-button-link elementor-size-sm\" href=\"https:\/\/billetterie.tropiques-atrium.fr\/spectacle?id_spectacle=3631&#038;lng=1\">\n\t\t\t\t\t\t<span class=\"elementor-button-content-wrapper\">\n\t\t\t\t\t\t\t\t\t<span class=\"elementor-button-text\">RESERVEZ VOTRE PLACE EN LIGNE<\/span>\n\t\t\t\t\t<\/span>\n\t\t\t\t\t<\/a>\n\t\t<\/div>\n\t\t\t\t<\/div>\n\t\t\t\t<\/div>\n\t\t\t\t\t<\/div>\n\t\t\t\t<\/div>\n\t\t<div class=\"elementor-element elementor-element-f841254 e-flex e-con-boxed e-con e-parent\" data-id=\"f841254\" data-element_type=\"container\">\n\t\t\t\t\t<div class=\"e-con-inner\">\n\t\t<div class=\"elementor-element elementor-element-e0abc1a e-con-full e-flex e-con e-child\" data-id=\"e0abc1a\" data-element_type=\"container\">\n\t\t\t\t<div class=\"elementor-element elementor-element-1f62f38 elementor-widget elementor-widget-image\" data-id=\"1f62f38\" data-element_type=\"widget\" data-widget_type=\"image.default\">\n\t\t\t\t<div class=\"elementor-widget-container\">\n\t\t\t\t\t\t\t\t\t\t\t\t\t<img decoding=\"async\" width=\"1024\" height=\"576\" src=\"https:\/\/tropiques-atrium.fr\/scene-nationale\/wp-content\/uploads\/sites\/13\/2024\/02\/2Nocturnes-Houeix-1024x576-1.jpg\" class=\"attachment-large size-large wp-image-3844\" alt=\"\" srcset=\"https:\/\/tropiques-atrium.fr\/scene-nationale\/wp-content\/uploads\/sites\/13\/2024\/02\/2Nocturnes-Houeix-1024x576-1.jpg 1024w, https:\/\/tropiques-atrium.fr\/scene-nationale\/wp-content\/uploads\/sites\/13\/2024\/02\/2Nocturnes-Houeix-1024x576-1-300x169.jpg 300w, https:\/\/tropiques-atrium.fr\/scene-nationale\/wp-content\/uploads\/sites\/13\/2024\/02\/2Nocturnes-Houeix-1024x576-1-768x432.jpg 768w, https:\/\/tropiques-atrium.fr\/scene-nationale\/wp-content\/uploads\/sites\/13\/2024\/02\/2Nocturnes-Houeix-1024x576-1-585x329.jpg 585w\" sizes=\"(max-width: 1024px) 100vw, 1024px\" \/>\t\t\t\t\t\t\t\t\t\t\t\t\t<\/div>\n\t\t\t\t<\/div>\n\t\t\t\t<div class=\"elementor-element elementor-element-73b7af2 elementor-widget elementor-widget-text-editor\" data-id=\"73b7af2\" data-element_type=\"widget\" data-widget_type=\"text-editor.default\">\n\t\t\t\t<div class=\"elementor-widget-container\">\n\t\t\t\t\t\t\t<p><strong>Nocturnes<\/strong><br \/>\u00ab En proie \u00e0 ses \u00e9tats d\u2019\u00e2me, Fr\u00e9deric Chopin traduit dans Les Nocturnes &#8211; 21 pi\u00e8ces pour piano compos\u00e9es entre 1827 et 1846 &#8211; les langueurs de l\u2019amour avec la profondeur de sa nature \u00e9prise de m\u00e9lancolie. Cette pr\u00e9pond\u00e9rance d\u2019un sentiment empreint d\u2019un voile obscur, ce go\u00fbt du morbide, ce romantisme noir et \u00ab gothique \u00bb cultiv\u00e9 par Chopin et d\u2019autres romantiques a motiv\u00e9 un rapprochement avec les Danses macabres en vogue \u00e0 la fin du Moyen ge <br \/>[\u2026.].Au-del\u00e0 de l\u2019id\u00e9e d\u2019associer deux choses aussi disparates que danser et mourir, les Danses macabres symbolisaient le passage du temps et montraient comment la Mort r\u00e9unit fraternellement les hommes de tous rangs. Vestiges d\u2019 \u00ab un jour noir plus triste que les nuits \u00bb e\u00fbt dit Charles Baudelaire, Nocturnes se pr\u00e9sente comme une fresque, comme un songe \u00e9cras\u00e9 sous le poids d\u2019une \u00e9ternelle m\u00e9lancolie. \u00bb<\/p><ul><li>Musique : Fr\u00e9d\u00e9ric Chopin<\/li><li>Chor\u00e9graphie : Thierry Malandain<\/li><li>Conception lumi\u00e8res : Jean-Claude Asqui\u00e9<\/li><li>costumes : Jorge Gallardo<\/li><li>R\u00e9alisation costumes : V\u00e9ronique Murat<\/li><li>Ballet pour 22 danseurs\u00a0<\/li><\/ul>\t\t\t\t\t\t<\/div>\n\t\t\t\t<\/div>\n\t\t\t\t<\/div>\n\t\t<div class=\"elementor-element elementor-element-2d29e06 e-con-full e-flex e-con e-child\" data-id=\"2d29e06\" data-element_type=\"container\">\n\t\t\t\t<div class=\"elementor-element elementor-element-819edd0 elementor-widget elementor-widget-image\" data-id=\"819edd0\" data-element_type=\"widget\" data-widget_type=\"image.default\">\n\t\t\t\t<div class=\"elementor-widget-container\">\n\t\t\t\t\t\t\t\t\t\t\t\t\t<img loading=\"lazy\" decoding=\"async\" width=\"1024\" height=\"576\" src=\"https:\/\/tropiques-atrium.fr\/scene-nationale\/wp-content\/uploads\/sites\/13\/2024\/02\/4Mozart-a-2-Houeix-1024x576-1.jpg\" class=\"attachment-large size-large wp-image-3846\" alt=\"\" srcset=\"https:\/\/tropiques-atrium.fr\/scene-nationale\/wp-content\/uploads\/sites\/13\/2024\/02\/4Mozart-a-2-Houeix-1024x576-1.jpg 1024w, https:\/\/tropiques-atrium.fr\/scene-nationale\/wp-content\/uploads\/sites\/13\/2024\/02\/4Mozart-a-2-Houeix-1024x576-1-300x169.jpg 300w, https:\/\/tropiques-atrium.fr\/scene-nationale\/wp-content\/uploads\/sites\/13\/2024\/02\/4Mozart-a-2-Houeix-1024x576-1-768x432.jpg 768w, https:\/\/tropiques-atrium.fr\/scene-nationale\/wp-content\/uploads\/sites\/13\/2024\/02\/4Mozart-a-2-Houeix-1024x576-1-585x329.jpg 585w\" sizes=\"(max-width: 1024px) 100vw, 1024px\" \/>\t\t\t\t\t\t\t\t\t\t\t\t\t<\/div>\n\t\t\t\t<\/div>\n\t\t\t\t<div class=\"elementor-element elementor-element-2df33bb elementor-widget elementor-widget-text-editor\" data-id=\"2df33bb\" data-element_type=\"widget\" data-widget_type=\"text-editor.default\">\n\t\t\t\t<div class=\"elementor-widget-container\">\n\t\t\t\t\t\t\t<p><strong>Mozart \u00e0 2<\/strong> <br \/>\u00ab En 1997, quelques pages tir\u00e9es de concertos pour piano de Mozart permirent de cr\u00e9er les duos d\u2019un spectacle intitul\u00e9 Bal Solitude. Il s\u2019agissait alors de rendre compte d\u2019\u00e9pisodes amoureux dans le contexte d\u2019un bal. Un lieu propice \u00e0 la f\u00eate mais r\u00e9v\u00e9lateur des solitudes lorsque l\u2019amour ne rime pas avec toujours. C\u2019est cette physionomie changeante d\u2019un sentiment qui se mesure parfois \u00e0 l\u2019ampleur du manque qu\u2019aborde Mozart \u00e0 2. \u00bb<\/p><ul><li>Musique : Wolfgang Amadeus Mozart<\/li><li>Chor\u00e9graphie : Thierry Malandain<\/li><li>Costumes : Jorge Gallardo<\/li><li>Conception lumi\u00e8re : Jean-Claude Asqui\u00e9<\/li><li>Ballet pour 12 danseurs <\/li><\/ul>\t\t\t\t\t\t<\/div>\n\t\t\t\t<\/div>\n\t\t\t\t<\/div>\n\t\t<div class=\"elementor-element elementor-element-6c28442 e-con-full e-flex e-con e-child\" data-id=\"6c28442\" data-element_type=\"container\">\n\t\t\t\t<div class=\"elementor-element elementor-element-feacad5 elementor-widget elementor-widget-image\" data-id=\"feacad5\" data-element_type=\"widget\" data-widget_type=\"image.default\">\n\t\t\t\t<div class=\"elementor-widget-container\">\n\t\t\t\t\t\t\t\t\t\t\t\t\t<img loading=\"lazy\" decoding=\"async\" width=\"1024\" height=\"576\" src=\"https:\/\/tropiques-atrium.fr\/scene-nationale\/wp-content\/uploads\/sites\/13\/2024\/02\/3Bolero-Houeix-1024x576-1.jpg\" class=\"attachment-large size-large wp-image-3845\" alt=\"\" srcset=\"https:\/\/tropiques-atrium.fr\/scene-nationale\/wp-content\/uploads\/sites\/13\/2024\/02\/3Bolero-Houeix-1024x576-1.jpg 1024w, https:\/\/tropiques-atrium.fr\/scene-nationale\/wp-content\/uploads\/sites\/13\/2024\/02\/3Bolero-Houeix-1024x576-1-300x169.jpg 300w, https:\/\/tropiques-atrium.fr\/scene-nationale\/wp-content\/uploads\/sites\/13\/2024\/02\/3Bolero-Houeix-1024x576-1-768x432.jpg 768w, https:\/\/tropiques-atrium.fr\/scene-nationale\/wp-content\/uploads\/sites\/13\/2024\/02\/3Bolero-Houeix-1024x576-1-585x329.jpg 585w\" sizes=\"(max-width: 1024px) 100vw, 1024px\" \/>\t\t\t\t\t\t\t\t\t\t\t\t\t<\/div>\n\t\t\t\t<\/div>\n\t\t\t\t<div class=\"elementor-element elementor-element-1530e8f elementor-widget elementor-widget-text-editor\" data-id=\"1530e8f\" data-element_type=\"widget\" data-widget_type=\"text-editor.default\">\n\t\t\t\t<div class=\"elementor-widget-container\">\n\t\t\t\t\t\t\t<p><strong>Bol\u00e9ro<\/strong> <br \/>Dans un espace clos et restreint, douze danseurs \u00e9voluent presque sans \u00e2me, soumis \u00e0 la r\u00e9p\u00e9tition obs\u00e9dante du th\u00e8me orchestral de Ravel. Au final lib\u00e9ratoire de la musique, ils s\u2019\u00e9chappent, butant contre le silence, \u00ab enferm\u00e9s dehors\u00bb.<\/p><ul><li>Musique : Maurice Ravel<\/li><li>Chor\u00e9graphie : Thierry Malandain<\/li><li>D\u00e9cors et costumes : Jorge Gallardo<\/li><li>Conception lumi\u00e8res : Jean-Claude Asqui\u00e9<\/li><li>Ballet pour 12 danseurs <\/li><\/ul>\t\t\t\t\t\t<\/div>\n\t\t\t\t<\/div>\n\t\t\t\t<\/div>\n\t\t\t\t\t<\/div>\n\t\t\t\t<\/div>\n\t\t\t\t<\/div>\n\t\t","protected":false},"excerpt":{"rendered":"<p>Cr\u00e9\u00e9 en 1998 \u00e0 Biarritz \u00e0 l\u2019initiative du minist\u00e8re de la Culture et de la ville de Biarritz avec le&#8230;<\/p>\n","protected":false},"author":1,"featured_media":0,"parent":3497,"menu_order":0,"comment_status":"closed","ping_status":"closed","template":"","meta":{"footnotes":""},"_links":{"self":[{"href":"https:\/\/tropiques-atrium.fr\/scene-nationale\/wp-json\/wp\/v2\/pages\/3821"}],"collection":[{"href":"https:\/\/tropiques-atrium.fr\/scene-nationale\/wp-json\/wp\/v2\/pages"}],"about":[{"href":"https:\/\/tropiques-atrium.fr\/scene-nationale\/wp-json\/wp\/v2\/types\/page"}],"author":[{"embeddable":true,"href":"https:\/\/tropiques-atrium.fr\/scene-nationale\/wp-json\/wp\/v2\/users\/1"}],"replies":[{"embeddable":true,"href":"https:\/\/tropiques-atrium.fr\/scene-nationale\/wp-json\/wp\/v2\/comments?post=3821"}],"version-history":[{"count":28,"href":"https:\/\/tropiques-atrium.fr\/scene-nationale\/wp-json\/wp\/v2\/pages\/3821\/revisions"}],"predecessor-version":[{"id":3856,"href":"https:\/\/tropiques-atrium.fr\/scene-nationale\/wp-json\/wp\/v2\/pages\/3821\/revisions\/3856"}],"up":[{"embeddable":true,"href":"https:\/\/tropiques-atrium.fr\/scene-nationale\/wp-json\/wp\/v2\/pages\/3497"}],"wp:attachment":[{"href":"https:\/\/tropiques-atrium.fr\/scene-nationale\/wp-json\/wp\/v2\/media?parent=3821"}],"curies":[{"name":"wp","href":"https:\/\/api.w.org\/{rel}","templated":true}]}}