{"id":5198,"date":"2024-09-23T12:43:12","date_gmt":"2024-09-23T16:43:12","guid":{"rendered":"https:\/\/tropiques-atrium.fr\/scene-nationale\/events\/niko-gernet\/"},"modified":"2024-09-26T15:34:35","modified_gmt":"2024-09-26T19:34:35","slug":"niko-gernet","status":"publish","type":"ajde_events","link":"https:\/\/tropiques-atrium.fr\/scene-nationale\/events\/niko-gernet\/","title":{"rendered":"Niko Gernet"},"content":{"rendered":"\n\n\n<p class=\"has-text-align-right\">Musique<br><strong>Samedi 5 octo<strong>bre<\/strong>&nbsp;&#8211; 19h30<\/strong><br>Salle Aim\u00e9 C\u00e9saire<\/p>\n\n\n\n<p class=\"has-text-align-right\">Tarif D 25\u20ac 20\u20ac 8\u20ac<\/p>\n\n\n\n<h1 class=\"wp-block-heading\">Niko Gernet<\/h1>\n\n\n\n<h2 class=\"wp-block-heading\"><em>L\u00e9taj B\u00e8l\u00e8<\/em><\/h2>\n\n\n\n<h2 class=\"wp-block-heading\"><strong><em>Le B\u00e8l\u00e8 sur trois \u00e9tages<\/em><\/strong><\/h2>\n\n\n\n<p>Niko Gernet, pilier de <em>Tambou B\u00f4 Kannal<\/em>, percussionniste de <em>Dif\u00e9<\/em>, il cr\u00e9e en 2004 le <strong><em>Bidim Bann B\u00e8l\u00e8<\/em><\/strong>, big band de tambours B\u00e8l\u00e8, puis <strong><em>Ixora<\/em> <\/strong>en 2012, qui d\u00e9veloppe un B\u00e8l\u00e8 \u00e9volutif.<\/p>\n\n\n\n<p>Niko Gernet un p\u00e9dagogue et un explorateur, dans une d\u00e9marche exp\u00e9rimentale ouverte \u00e0 la modernit\u00e9 o\u00f9 le B\u00e8l\u00e8 accueille clavier, guitare, basse, percussions et cuivres pour des rythmes et chants aux sonorit\u00e9s jazz, afrobeat ou zouk.<\/p>\n\n\n\n<p>En final pour ce concert en 3 temps&nbsp;: le <strong><em>Bel\u2019Harmonik<\/em><\/strong>&nbsp;: fusion du <em>Bidim Bann B\u00e8l\u00e8<\/em>, d\u2019<em>Ixora <\/em>et l\u2019ajout d\u2019une section de cordes et de cuivres suppl\u00e9mentaires. Un final en apoth\u00e9ose qui illustrera les possibles d\u2019une musique issue du <em>fondok<\/em> B\u00e8l\u00e8&nbsp;! La danse dans l\u2019esprit de <em>lawonn B\u00e8l\u00e8<\/em> participera de la sc\u00e9nographie de ce concert qui mettra \u00e0 l\u2019honneur&nbsp;: <strong>Victor Treffre et Claudia Charles <\/strong>(Parrain et Marraine d\u2019<em>Ixora<\/em>).&nbsp;&nbsp;&nbsp;&nbsp;&nbsp;<\/p>\n\n\n\n<h2 class=\"wp-block-heading\">1<sup>\u00e8re<\/sup> partie&nbsp;: <strong><em>Bidim Bann B\u00e8l\u00e8<\/em><\/strong><\/h2>\n\n\n\n<p>Big band de tambours b\u00e8l\u00e8, tibwa, conques de lambis du groupe <em>Watabwi <\/em>et de chants qui d\u00e9veloppe une forme de b\u00e8l\u00e8 \u00e9volutif simple (acoustique).<\/p>\n\n\n\n<h2 class=\"wp-block-heading\">2<sup>\u00e8me<\/sup> partie&nbsp;: <strong><em>Ixora<\/em><\/strong><\/h2>\n\n\n\n<p>L<strong><em>e <\/em><\/strong>groupe propose un b\u00e8l\u00e8 \u00e9volutif complexe avec une section percussions, une rythmique ponctu\u00e9e par les claviers, guitare basse et solo, envelopp\u00e9s de cuivres, du chant et des ch\u0153urs.<\/p>\n\n\n\n<h2 class=\"wp-block-heading\">3<sup>\u00e8me<\/sup> partie &#8211; <strong><em>Bel\u2019Harmonik<\/em><\/strong><\/h2>\n\n\n\n<p>Contraction des termes \u00ab&nbsp;b\u00e8l\u00e8&nbsp;\u00bb et \u00ab&nbsp;philarmonique&nbsp;\u00bb, il fusionne le <strong><em>Bidim Bann B\u00e8l\u00e8<\/em><\/strong>, <strong><em>Ixora <\/em><\/strong>et une section de violons. Les chants sont issus du r\u00e9pertoire b\u00e8l\u00e8.<\/p>\n\n\n\n<p><strong><em>Bidim Bann B\u00e8l\u00e8&nbsp;<\/em><\/strong><\/p>\n\n\n\n<p>Directeur musical&nbsp;: <strong>Niko Gernet<\/strong><br>Tibwa&nbsp;: <strong>G\u00e9rard Clovis, Maguy Louis-Jean<\/strong><br>Tambours&nbsp;: <strong>Nestor Alton, Jocelyn Jean-Marie, Odile Marie, Maryann Laoue, Jackeline Sifflet, Alain Kromwell, Miguel Delinde, Robert Branchet, Serge Domi, Victor Delric, Philippe Marie-Luce&nbsp;&nbsp;&nbsp;&nbsp;&nbsp;&nbsp;&nbsp;&nbsp;&nbsp;&nbsp;&nbsp;&nbsp;&nbsp;&nbsp;&nbsp;&nbsp;&nbsp;&nbsp;&nbsp;&nbsp;&nbsp;&nbsp;&nbsp;&nbsp;&nbsp;&nbsp;&nbsp;&nbsp;&nbsp;&nbsp;&nbsp;&nbsp;&nbsp;&nbsp;&nbsp;&nbsp;&nbsp;&nbsp;&nbsp;&nbsp;&nbsp;&nbsp;&nbsp;&nbsp;&nbsp;&nbsp;&nbsp;&nbsp;&nbsp;&nbsp;&nbsp;&nbsp;&nbsp;&nbsp;&nbsp;&nbsp;&nbsp;&nbsp;&nbsp;&nbsp;&nbsp;&nbsp;&nbsp;&nbsp;&nbsp;&nbsp;&nbsp;&nbsp;&nbsp;&nbsp;&nbsp;&nbsp;&nbsp;&nbsp;&nbsp;&nbsp;&nbsp;&nbsp;&nbsp;&nbsp;&nbsp;&nbsp;<\/strong><br>Chants lead&nbsp;: <strong>Frantz Sunve, Jean-Marc Choinar, Yannick Palcy<\/strong><br>Ch\u0153urs&nbsp;: <strong>Constance Polimis, J\u00e9mima Concy, Ang\u00e9lique Marie, Victor Laoue, Henry Tresfield, Charles Concy<\/strong><br>Conques&nbsp;: <strong>Jeannot Pierre-L\u00e9andre, Cathia Cavas, Alain Lavater, \u00c9ric Hillion, M\u00e9lanie Thomassin, Myriam Marie-Joseph, Henry Pierre-L\u00e9andre, Jeackie Saint-Aim\u0113, Lina Marie-Sainte<\/strong><\/p>\n\n\n\n<p><strong><em>Ixora<\/em><\/strong><\/p>\n\n\n\n<p>Chant, lead, djembe&nbsp;:&nbsp; <strong>Niko Gernet<\/strong><br>Guitare&nbsp;: <strong>Val\u00e9ry St\u00e9phanie-Victoire<\/strong><br>Basse&nbsp;: <strong>Gilbert S\u00e9raphin<\/strong><br>Claviers&nbsp;: <strong>Jean- Pierre Bartelery<\/strong><br>Trompette : <strong>Charles-Andr\u00e9 Duranty<\/strong>, <strong>Alain Beauroy<\/strong><br>Saxophone&nbsp;: <strong>Serge Vert-Pr\u00e9<\/strong><br>Batterie&nbsp;: <strong>Ivann Zi<\/strong><br>Tambour B\u00e8l\u00e8&nbsp;: <strong>Yannick Palcy<\/strong><br>Ch\u0153urs&nbsp;: <strong>Ang\u00e9lique Marie, R\u00e9gine Bellay, Armande Zongo<\/strong><\/p>\n\n\n\n<p><strong><em>Bel\u2019Harmonik<\/em><\/strong><\/p>\n\n\n\n<p><strong><em>Ixora &amp; Bidim Bann B\u00e8l\u00e8&nbsp; et&nbsp;:<\/em><\/strong><\/p>\n\n\n\n<p>Violons\u00a0: <strong>Yohann Jean-Alexis, Thomas Raso, Nona Lawrence<\/strong><br>Violoncelle\u00a0: <strong>Lara Slabiack<\/strong><br>Saxophone alto, fl\u00fbte\u00a0: <strong>Max T\u00e9l\u00e8phe<\/strong><br>Saxophone baryton\u00a0: <strong>Christian Florentiny<\/strong><br>Trombone\u00a0: <strong>Johan R\u00e9aud-Gomez<\/strong><br><br>Danseuses : <strong>Linda Sainte -Rose, Sophia Azur-Bazile, Ketycia Carpy, Nadine P\u00e9ria, Isabelle Abaul\u00a0<\/strong><br>Danseuses B\u00e8l\u00e8 lisid\u00a0:<strong> Viviane Fortun\u00e9 &#8211; R\u00e9gine\u00a0Roqua<\/strong><br>Costumes &#8211; R\u00e9gie :<strong> F\u00e9lie Montabord\u00a0<\/strong><\/p>\n\n\n\n<figure class=\"wp-block-embed is-type-video is-provider-youtube wp-block-embed-youtube wp-embed-aspect-4-3 wp-has-aspect-ratio\"><div class=\"wp-block-embed__wrapper\">\n<iframe title=\"Tj\u00e8 nou blennd\u00e9\" width=\"500\" height=\"375\" src=\"https:\/\/www.youtube.com\/embed\/hpdtcYNVqQo?feature=oembed\" frameborder=\"0\" allow=\"accelerometer; autoplay; clipboard-write; encrypted-media; gyroscope; picture-in-picture; web-share\" referrerpolicy=\"strict-origin-when-cross-origin\" allowfullscreen><\/iframe>\n<\/div><\/figure>\n\n\n\n<figure class=\"wp-block-embed is-type-video is-provider-youtube wp-block-embed-youtube wp-embed-aspect-16-9 wp-has-aspect-ratio\"><div class=\"wp-block-embed__wrapper\">\n<iframe title=\"Niko Gernet - L\u00e9taj B\u00e8l\u00e8\" width=\"500\" height=\"281\" src=\"https:\/\/www.youtube.com\/embed\/Y-oq1e3n8P0?feature=oembed\" frameborder=\"0\" allow=\"accelerometer; autoplay; clipboard-write; encrypted-media; gyroscope; picture-in-picture; web-share\" referrerpolicy=\"strict-origin-when-cross-origin\" allowfullscreen><\/iframe>\n<\/div><\/figure>\n","protected":false},"author":2,"featured_media":5199,"menu_order":0,"comment_status":"open","ping_status":"closed","template":"","meta":[],"tags":[],"event_type":[173,171],"event_type_2":[],"_links":{"self":[{"href":"https:\/\/tropiques-atrium.fr\/scene-nationale\/wp-json\/wp\/v2\/ajde_events\/5198"}],"collection":[{"href":"https:\/\/tropiques-atrium.fr\/scene-nationale\/wp-json\/wp\/v2\/ajde_events"}],"about":[{"href":"https:\/\/tropiques-atrium.fr\/scene-nationale\/wp-json\/wp\/v2\/types\/ajde_events"}],"author":[{"embeddable":true,"href":"https:\/\/tropiques-atrium.fr\/scene-nationale\/wp-json\/wp\/v2\/users\/2"}],"replies":[{"embeddable":true,"href":"https:\/\/tropiques-atrium.fr\/scene-nationale\/wp-json\/wp\/v2\/comments?post=5198"}],"wp:featuredmedia":[{"embeddable":true,"href":"https:\/\/tropiques-atrium.fr\/scene-nationale\/wp-json\/wp\/v2\/media\/5199"}],"wp:attachment":[{"href":"https:\/\/tropiques-atrium.fr\/scene-nationale\/wp-json\/wp\/v2\/media?parent=5198"}],"wp:term":[{"taxonomy":"post_tag","embeddable":true,"href":"https:\/\/tropiques-atrium.fr\/scene-nationale\/wp-json\/wp\/v2\/tags?post=5198"},{"taxonomy":"event_type","embeddable":true,"href":"https:\/\/tropiques-atrium.fr\/scene-nationale\/wp-json\/wp\/v2\/event_type?post=5198"},{"taxonomy":"event_type_2","embeddable":true,"href":"https:\/\/tropiques-atrium.fr\/scene-nationale\/wp-json\/wp\/v2\/event_type_2?post=5198"}],"curies":[{"name":"wp","href":"https:\/\/api.w.org\/{rel}","templated":true}]}}