{"id":2994,"date":"2023-12-19T15:51:18","date_gmt":"2023-12-19T19:51:18","guid":{"rendered":"https:\/\/tropiques-atrium.fr\/scene-nationale\/events\/incandescences\/"},"modified":"2024-01-11T12:43:04","modified_gmt":"2024-01-11T16:43:04","slug":"incandescences","status":"publish","type":"ajde_events","link":"https:\/\/tropiques-atrium.fr\/scene-nationale\/events\/incandescences\/","title":{"rendered":"Incandescences"},"content":{"rendered":"\n\n\n<p class=\"has-text-align-right\">Th\u00e9\u00e2tre<\/p>\n\n\n\n<p class=\"has-text-align-right\">Vendredi 26 janvier \u00e0 19h30<br>Salle Frantz Fanon<\/p>\n\n\n\n<p class=\"has-text-align-right\">Tarif D 25\u20ac 20\u20ac 8\u20ac<br><strong>Conseill\u00e9 \u00e0 partir de 15 ans<\/strong><\/p>\n\n\n<div class=\"wp-block-image\">\n<figure class=\"alignright size-medium\"><img fetchpriority=\"high\" decoding=\"async\" width=\"300\" height=\"206\" src=\"https:\/\/tropiques-atrium.fr\/scene-nationale\/wp-content\/uploads\/sites\/13\/2024\/01\/Onda_logo_noir-Tropiques-Atrium-300x206.png\" alt=\"\" class=\"wp-image-3210\" srcset=\"https:\/\/tropiques-atrium.fr\/scene-nationale\/wp-content\/uploads\/sites\/13\/2024\/01\/Onda_logo_noir-Tropiques-Atrium-300x206.png 300w, https:\/\/tropiques-atrium.fr\/scene-nationale\/wp-content\/uploads\/sites\/13\/2024\/01\/Onda_logo_noir-Tropiques-Atrium-1024x702.png 1024w, https:\/\/tropiques-atrium.fr\/scene-nationale\/wp-content\/uploads\/sites\/13\/2024\/01\/Onda_logo_noir-Tropiques-Atrium-768x526.png 768w, https:\/\/tropiques-atrium.fr\/scene-nationale\/wp-content\/uploads\/sites\/13\/2024\/01\/Onda_logo_noir-Tropiques-Atrium-585x401.png 585w, https:\/\/tropiques-atrium.fr\/scene-nationale\/wp-content\/uploads\/sites\/13\/2024\/01\/Onda_logo_noir-Tropiques-Atrium.png 1205w\" sizes=\"(max-width: 300px) 100vw, 300px\" \/><\/figure><\/div>\n\n\n<h1 class=\"wp-block-heading\">Incandescences<\/h1>\n\n\n\n<p class=\"has-text-align-right\">Cr\u00e9ation 2021<\/p>\n\n\n\n<p>Avec&nbsp;: <strong>Romain Bouillaguet, Aboubacar Camara, Nathan Mawatu, Marie Ntotcho, Julie Plaisir, Philippe Quy, Merbouha Rahmani, Jean-Baptiste Saunier, Izabela Zak<\/strong><\/p>\n\n\n\n<p>Texte, mise en sc\u00e8ne&nbsp;: <strong>Ahmed Madani<\/strong><br>Assistant \u00e0 la mise en sc\u00e8ne&nbsp;:&nbsp;<strong>Issam Rachyq-Ahrad&nbsp;<\/strong><br>Cr\u00e9ation vid\u00e9o&nbsp;: <strong>Nicolas Clauss <\/strong><br>Cr\u00e9ation sonore&nbsp;: <strong>Christophe S\u00e9chet<\/strong><br>Regard ext\u00e9rieur chor\u00e9graphique&nbsp;: <strong>Salia Sanou <\/strong>assist\u00e9e de<strong> J\u00e9r\u00f4me Kabor\u00e9<\/strong><br>Cr\u00e9ation lumi\u00e8res, r\u00e9gie g\u00e9n\u00e9rale&nbsp;: <strong>Damien Klein<\/strong><br>R\u00e9gie son&nbsp;: <strong>J\u00e9r\u00e9my Gravier<\/strong><br>Costumes&nbsp;: <strong>Pascale Barr\u00e9 <\/strong>et<strong> Ahmed Madani<\/strong><br>Coach chant&nbsp;: <strong>Dominique Magloire<\/strong><br>Cr\u00e9dit photos&nbsp;: DR<br>Administratrice&nbsp;: <strong>Pauline Dagron<\/strong><br>Charg\u00e9e de diffusion et de d\u00e9veloppement&nbsp;: <strong>Rachel Barrier<\/strong><\/p>\n\n\n\n<p>Dans le sillage d\u2019<em>Illumination(s) <\/em>et de <em>F(l)ammes<\/em>, <em>Incandescences<\/em>, dernier chapitre de la trilogie <em>Face \u00e0 leur destin<\/em>, met en sc\u00e8ne des jeunes gens n\u00e9s de parents ayant v\u00e9cu l\u2019exil et r\u00e9sidant dans des quartiers populaires. Une nouvelle aventure pour faire entendre la voix d\u2019une jeunesse rarement entendue, amener d\u2019autres corps, d\u2019autres visages, d\u2019autres histoires, pouss\u00e9e par un vent de libert\u00e9, de joie et d\u2019esp\u00e9rance.<\/p>\n\n\n\n<p>Une centaine de filles et de gar\u00e7ons ont accept\u00e9 de rencontrer Ahmed Madani et de lui ouvrir leur c\u0153ur. Neuf d\u2019entre eux portent sur la sc\u00e8ne les r\u00e9cits trop souvent pass\u00e9s sous silence de vies ordinaires au caract\u00e8re extraordinaire.<\/p>\n\n\n\n<p>Ils n\u2019ont pas froid aux yeux, s\u2019emparent du plateau pour dire ce qui les unit, les s\u00e9pare, les fragilise, leur donne la force de se tenir debout et d\u2019avancer. Ils s\u2019adressent \u00e0 nous avec \u00e9loquence, fiert\u00e9, dr\u00f4lerie, \u00e9l\u00e9gance. Un r\u00e9cit universel, jou\u00e9, dans\u00e9, chant\u00e9, expression de l\u2019immense joie d\u2019amour qui a engendr\u00e9 notre humanit\u00e9.<\/p>\n\n\n\n<blockquote class=\"wp-block-quote\">\n<p><em>Festival \u00ab off \u00bb d\u2019Avignon : nos \u00ab coups de c\u0153ur \u00bb &#8211; Incandescences, d\u2019Ahmed Madani : un hymne enchanteur \u00e0 la jeunesse<\/em><\/p>\n<cite><em><strong>Le Monde<\/strong><\/em><\/cite><\/blockquote>\n\n\n\n<p>Avec le soutien de : <strong>L\u2019ONDA<\/strong><br>Production&nbsp;: <strong>Madani Compagnie<\/strong><br>Coproductions&nbsp;:<strong> Le Grand T, Th\u00e9\u00e2tre de Loire-Atlantique \u00e0 Nantes, La MC93 &#8211; Maison de la Culture de Seine-Saint-Denis \u00e0 Bobigny, Fontenay-en-Sc\u00e8nes \u00e0 Fontenay-sous-Bois, Le Th\u00e9\u00e2tre Br\u00e9tigny &#8211; Sc\u00e8ne conventionn\u00e9e arts et humanit\u00e9s, L\u2019Atelier \u00e0 Spectacle &#8211; Sc\u00e8ne conventionn\u00e9e d\u2019int\u00e9r\u00eat national de l\u2019Agglo du Pays de Dreux \u00e0 Vernouillet (28), La Sc\u00e8ne Nationale de l\u2019Essonne &#8211; Agora-Desnos, La Maison de la Culture \u00e0 Amiens &#8211; P\u00f4le europ\u00e9en de cr\u00e9ation et de production, La Com\u00e9die de Picardie, Le Vivat d\u2019Armenti\u00e8res, Sc\u00e8ne conventionn\u00e9e d\u2019int\u00e9r\u00eat national Art et Cr\u00e9ation, Le Th\u00e9\u00e2tre Les Passerelles \u00e0 Pontault-Combault &#8211; Sc\u00e8ne de Paris &#8211; Vall\u00e9e de la Marne, L\u2019Azimut &#8211; Antony\/Ch\u00e2tenay-Malabry<\/strong><\/p>\n\n\n\n<p>Soutiens&nbsp;: <strong>La <\/strong><strong>Maison des Arts de Cr\u00e9teil<\/strong><strong>, Le Th\u00e9\u00e2tre 71 &#8211; Sc\u00e8ne nationale de Malakoff, Le Th\u00e9\u00e2tre de Chelles, Le Th\u00e9\u00e2tre de Saint-Quentin-en-Yvelines, La Maison des Pratiques Artistiques Amateurs \u00e0 Paris, Le Safran &#8211; Sc\u00e8ne conventionn\u00e9e, La Maison du Th\u00e9\u00e2tre \u00e0 Amiens, Le Th\u00e9\u00e2tre de Poche \u00e0 Bruxelles, <\/strong><strong>La Mairie de La Courneuve &#8211; Houdremont centre culturel<\/strong><strong><\/strong><\/p>\n\n\n\n<p>Le projet b\u00e9n\u00e9ficie du soutien de&nbsp;la Fondation SNCF, du Minist\u00e8re de la Culture (aide au compagnonnage), de la R\u00e9gion Ile-de-France (aide \u00e0 la cr\u00e9ation), du D\u00e9partement du Val-de-Marne et du D\u00e9partement des Yvelines, et est r\u00e9alis\u00e9 avec la participation artistique du Jeune Th\u00e9\u00e2tre National.<\/p>\n\n\n\n<p><em>Ahmed Madani est artiste associ\u00e9 au Th\u00e9\u00e2tre Br\u00e9tigny &#8211; Sc\u00e8ne conventionn\u00e9e arts et humanit\u00e9s, artiste associ\u00e9 \u00e0 L\u2019Atelier \u00e0 Spectacle &#8211; Sc\u00e8ne conventionn\u00e9e d\u2019int\u00e9r\u00eat national de l\u2019Agglo du Pays de Dreux (Vernouillet &#8211; 28) et Compagnie en r\u00e9sidence \u00e0 Fontenay-sous-Bois (Fontenay-en-Sc\u00e8nes).<\/em><\/p>\n\n\n\n<p><em>Madani Compagnie est conventionn\u00e9e par la R\u00e9gion \u00cele-de-France, par le Minist\u00e8re de la Culture \u2013 DRAC \u00cele-de-France. Elle b\u00e9n\u00e9ficie \u00e9galement du soutien du D\u00e9partement de l\u2019Essonne.<\/em><\/p>\n\n\n\n<hr class=\"wp-block-separator has-alpha-channel-opacity\"\/>\n\n\n\n<p>Scolaire le<strong> jeudi 25 janvier \u00e0 9h <\/strong>&#8211; Lynda Voltat &#8211; 0696 40 08 31 &#8211; lvoltat@tropiques-atrium.fr<\/p>\n","protected":false},"author":2,"featured_media":3176,"menu_order":0,"comment_status":"open","ping_status":"closed","template":"","meta":[],"tags":[],"event_type":[175],"event_type_2":[],"_links":{"self":[{"href":"https:\/\/tropiques-atrium.fr\/scene-nationale\/wp-json\/wp\/v2\/ajde_events\/2994"}],"collection":[{"href":"https:\/\/tropiques-atrium.fr\/scene-nationale\/wp-json\/wp\/v2\/ajde_events"}],"about":[{"href":"https:\/\/tropiques-atrium.fr\/scene-nationale\/wp-json\/wp\/v2\/types\/ajde_events"}],"author":[{"embeddable":true,"href":"https:\/\/tropiques-atrium.fr\/scene-nationale\/wp-json\/wp\/v2\/users\/2"}],"replies":[{"embeddable":true,"href":"https:\/\/tropiques-atrium.fr\/scene-nationale\/wp-json\/wp\/v2\/comments?post=2994"}],"wp:featuredmedia":[{"embeddable":true,"href":"https:\/\/tropiques-atrium.fr\/scene-nationale\/wp-json\/wp\/v2\/media\/3176"}],"wp:attachment":[{"href":"https:\/\/tropiques-atrium.fr\/scene-nationale\/wp-json\/wp\/v2\/media?parent=2994"}],"wp:term":[{"taxonomy":"post_tag","embeddable":true,"href":"https:\/\/tropiques-atrium.fr\/scene-nationale\/wp-json\/wp\/v2\/tags?post=2994"},{"taxonomy":"event_type","embeddable":true,"href":"https:\/\/tropiques-atrium.fr\/scene-nationale\/wp-json\/wp\/v2\/event_type?post=2994"},{"taxonomy":"event_type_2","embeddable":true,"href":"https:\/\/tropiques-atrium.fr\/scene-nationale\/wp-json\/wp\/v2\/event_type_2?post=2994"}],"curies":[{"name":"wp","href":"https:\/\/api.w.org\/{rel}","templated":true}]}}