{"id":272,"date":"2020-06-02T16:22:14","date_gmt":"2020-06-02T14:22:14","guid":{"rendered":"https:\/\/tropiques-atrium.fr\/le-mois-laminaire\/?page_id=272"},"modified":"2020-06-04T16:21:55","modified_gmt":"2020-06-04T14:21:55","slug":"biographie","status":"publish","type":"page","link":"https:\/\/tropiques-atrium.fr\/le-mois-laminaire\/biographie\/","title":{"rendered":"Biographie"},"content":{"rendered":"\t\t<div data-elementor-type=\"wp-page\" data-elementor-id=\"272\" class=\"elementor elementor-272\" data-elementor-post-type=\"page\">\n\t\t\t\t\t\t<section class=\"elementor-section elementor-top-section elementor-element elementor-element-7f21bc8d elementor-section-content-middle elementor-section-boxed elementor-section-height-default elementor-section-height-default\" data-id=\"7f21bc8d\" data-element_type=\"section\" data-settings=\"{&quot;background_background&quot;:&quot;classic&quot;}\">\n\t\t\t\t\t\t<div class=\"elementor-container elementor-column-gap-no\">\n\t\t\t\t\t<div class=\"elementor-column elementor-col-100 elementor-top-column elementor-element elementor-element-54eb67dd\" data-id=\"54eb67dd\" data-element_type=\"column\">\n\t\t\t<div class=\"elementor-widget-wrap elementor-element-populated\">\n\t\t\t\t\t\t<div class=\"elementor-element elementor-element-31bfc86 elementor-widget elementor-widget-image\" data-id=\"31bfc86\" data-element_type=\"widget\" data-widget_type=\"image.default\">\n\t\t\t\t<div class=\"elementor-widget-container\">\n\t\t\t\t\t\t\t\t\t\t\t\t\t<img fetchpriority=\"high\" decoding=\"async\" width=\"800\" height=\"360\" src=\"https:\/\/tropiques-atrium.fr\/le-mois-laminaire\/wp-content\/uploads\/sites\/4\/2020\/06\/signature.gif\" class=\"attachment-large size-large wp-image-281\" alt=\"\" \/>\t\t\t\t\t\t\t\t\t\t\t\t\t<\/div>\n\t\t\t\t<\/div>\n\t\t\t\t<div class=\"elementor-element elementor-element-3bf87ab2 elementor-widget elementor-widget-heading\" data-id=\"3bf87ab2\" data-element_type=\"widget\" data-widget_type=\"heading.default\">\n\t\t\t\t<div class=\"elementor-widget-container\">\n\t\t\t<h4 class=\"elementor-heading-title elementor-size-default\">\"J\u2019ai l\u2019honneur de saluer ici le premier grand po\u00e8te noir qui a rompu ses amarres et s\u2019\u00e9lance, sans se pr\u00e9occuper d\u2019aucune \u00e9toile polaire, d\u2019aucune croix du Sud intellectuelle, avec pour seul guide son d\u00e9sir aveugle.\"<br>Benjamin Peret<\/h4>\t\t<\/div>\n\t\t\t\t<\/div>\n\t\t\t\t<div class=\"elementor-element elementor-element-6adce96 elementor-widget-divider--view-line elementor-widget elementor-widget-divider\" data-id=\"6adce96\" data-element_type=\"widget\" data-widget_type=\"divider.default\">\n\t\t\t\t<div class=\"elementor-widget-container\">\n\t\t\t\t\t<div class=\"elementor-divider\">\n\t\t\t<span class=\"elementor-divider-separator\">\n\t\t\t\t\t\t<\/span>\n\t\t<\/div>\n\t\t\t\t<\/div>\n\t\t\t\t<\/div>\n\t\t\t\t<div class=\"elementor-element elementor-element-c008ba5 elementor-widget elementor-widget-text-editor\" data-id=\"c008ba5\" data-element_type=\"widget\" data-widget_type=\"text-editor.default\">\n\t\t\t\t<div class=\"elementor-widget-container\">\n\t\t\t\t\t\t\t<p>Po\u00e8te dramaturge, homme de lettres, Aim\u00e9 c\u00e9saire \u00e9labore en compagnie de Leopold Sedar Senghor et L\u00e9on Gontran Damas le concept de la N\u00e9gritude.<\/p><p>Son \u0153uvre foisonnante de po\u00e9sie, d\u2019essais, d\u2019\u0153uvres th\u00e9\u00e2trales cr\u00e9e un langage unique et porte une attention particuli\u00e8re \u00e0 tous les combats.<\/p>\t\t\t\t\t\t<\/div>\n\t\t\t\t<\/div>\n\t\t\t\t\t<\/div>\n\t\t<\/div>\n\t\t\t\t\t<\/div>\n\t\t<\/section>\n\t\t\t\t<section class=\"elementor-section elementor-top-section elementor-element elementor-element-cf44d61 elementor-section-boxed elementor-section-height-default elementor-section-height-default\" data-id=\"cf44d61\" data-element_type=\"section\" data-settings=\"{&quot;background_background&quot;:&quot;classic&quot;}\">\n\t\t\t\t\t\t\t<div class=\"elementor-background-overlay\"><\/div>\n\t\t\t\t\t\t\t<div class=\"elementor-container elementor-column-gap-default\">\n\t\t\t\t\t<div class=\"elementor-column elementor-col-100 elementor-top-column elementor-element elementor-element-16874f2\" data-id=\"16874f2\" data-element_type=\"column\">\n\t\t\t<div class=\"elementor-widget-wrap elementor-element-populated\">\n\t\t\t\t\t\t\t<\/div>\n\t\t<\/div>\n\t\t\t\t\t<\/div>\n\t\t<\/section>\n\t\t\t\t<section class=\"elementor-section elementor-top-section elementor-element elementor-element-8c4af68 elementor-section-boxed elementor-section-height-default elementor-section-height-default\" data-id=\"8c4af68\" data-element_type=\"section\" data-settings=\"{&quot;background_background&quot;:&quot;classic&quot;}\">\n\t\t\t\t\t\t\t<div class=\"elementor-background-overlay\"><\/div>\n\t\t\t\t\t\t\t<div class=\"elementor-container elementor-column-gap-default\">\n\t\t\t\t\t<div class=\"elementor-column elementor-col-100 elementor-top-column elementor-element elementor-element-a9186cb\" data-id=\"a9186cb\" data-element_type=\"column\">\n\t\t\t<div class=\"elementor-widget-wrap elementor-element-populated\">\n\t\t\t\t\t\t<div class=\"elementor-element elementor-element-bba47f9 elementor-widget elementor-widget-text-editor\" data-id=\"bba47f9\" data-element_type=\"widget\" data-widget_type=\"text-editor.default\">\n\t\t\t\t<div class=\"elementor-widget-container\">\n\t\t\t\t\t\t\t<p>&#8220;Ma bouche sera la bouche des malheurs qui n&#8217;ont point de bouches. Ma voix la libert\u00e9 de celles qui s&#8217;affaissent au cachot du d\u00e9sespoir.&#8221;<\/p>\t\t\t\t\t\t<\/div>\n\t\t\t\t<\/div>\n\t\t\t\t<section class=\"elementor-section elementor-inner-section elementor-element elementor-element-21b9d8b elementor-section-boxed elementor-section-height-default elementor-section-height-default\" data-id=\"21b9d8b\" data-element_type=\"section\">\n\t\t\t\t\t\t<div class=\"elementor-container elementor-column-gap-default\">\n\t\t\t\t\t<div class=\"elementor-column elementor-col-50 elementor-inner-column elementor-element elementor-element-e71a5b2\" data-id=\"e71a5b2\" data-element_type=\"column\">\n\t\t\t<div class=\"elementor-widget-wrap elementor-element-populated\">\n\t\t\t\t\t\t<div class=\"elementor-element elementor-element-34bb7df elementor-widget elementor-widget-image\" data-id=\"34bb7df\" data-element_type=\"widget\" data-widget_type=\"image.default\">\n\t\t\t\t<div class=\"elementor-widget-container\">\n\t\t\t\t\t\t\t\t\t\t<figure class=\"wp-caption\">\n\t\t\t\t\t\t\t\t\t\t<img decoding=\"async\" width=\"807\" height=\"501\" src=\"https:\/\/tropiques-atrium.fr\/le-mois-laminaire\/wp-content\/uploads\/sites\/4\/2020\/06\/aime-cesaire-1.jpg\" class=\"attachment-large size-large wp-image-285\" alt=\"\" srcset=\"https:\/\/tropiques-atrium.fr\/le-mois-laminaire\/wp-content\/uploads\/sites\/4\/2020\/06\/aime-cesaire-1.jpg 807w, https:\/\/tropiques-atrium.fr\/le-mois-laminaire\/wp-content\/uploads\/sites\/4\/2020\/06\/aime-cesaire-1-300x186.jpg 300w, https:\/\/tropiques-atrium.fr\/le-mois-laminaire\/wp-content\/uploads\/sites\/4\/2020\/06\/aime-cesaire-1-768x477.jpg 768w\" sizes=\"(max-width: 807px) 100vw, 807px\" \/>\t\t\t\t\t\t\t\t\t\t\t<figcaption class=\"widget-image-caption wp-caption-text\">Ph. F. Thaly<\/figcaption>\n\t\t\t\t\t\t\t\t\t\t<\/figure>\n\t\t\t\t\t\t\t<\/div>\n\t\t\t\t<\/div>\n\t\t\t\t\t<\/div>\n\t\t<\/div>\n\t\t\t\t<div class=\"elementor-column elementor-col-50 elementor-inner-column elementor-element elementor-element-ce9f641\" data-id=\"ce9f641\" data-element_type=\"column\">\n\t\t\t<div class=\"elementor-widget-wrap elementor-element-populated\">\n\t\t\t\t\t\t<div class=\"elementor-element elementor-element-6d90462 elementor-widget elementor-widget-text-editor\" data-id=\"6d90462\" data-element_type=\"widget\" data-widget_type=\"text-editor.default\">\n\t\t\t\t<div class=\"elementor-widget-container\">\n\t\t\t\t\t\t\t<p>Si &#8220;Cahier du retour au pays natal&#8221; marquera la pens\u00e9e de nombreuses g\u00e9n\u00e9rations, chacune des \u0153uvres de C\u00e9saire, gr\u00e2ce \u00e0 des innovations stylistiques, un souffle puissant, aura \u00e9t\u00e9 un jalon important de l\u2019histoire de la litt\u00e9rature.<\/p>\t\t\t\t\t\t<\/div>\n\t\t\t\t<\/div>\n\t\t\t\t\t<\/div>\n\t\t<\/div>\n\t\t\t\t\t<\/div>\n\t\t<\/section>\n\t\t\t\t\t<\/div>\n\t\t<\/div>\n\t\t\t\t\t<\/div>\n\t\t<\/section>\n\t\t\t\t<section class=\"elementor-section elementor-top-section elementor-element elementor-element-638430d7 elementor-section-content-middle elementor-section-boxed elementor-section-height-default elementor-section-height-default\" data-id=\"638430d7\" data-element_type=\"section\" data-settings=\"{&quot;background_background&quot;:&quot;classic&quot;}\">\n\t\t\t\t\t\t\t<div class=\"elementor-background-overlay\"><\/div>\n\t\t\t\t\t\t\t<div class=\"elementor-container elementor-column-gap-no\">\n\t\t\t\t\t<div class=\"elementor-column elementor-col-100 elementor-top-column elementor-element elementor-element-7a37f564\" data-id=\"7a37f564\" data-element_type=\"column\">\n\t\t\t<div class=\"elementor-widget-wrap elementor-element-populated\">\n\t\t\t\t\t\t<section class=\"elementor-section elementor-inner-section elementor-element elementor-element-349ac71a elementor-section-content-middle elementor-section-boxed elementor-section-height-default elementor-section-height-default\" data-id=\"349ac71a\" data-element_type=\"section\">\n\t\t\t\t\t\t<div class=\"elementor-container elementor-column-gap-no\">\n\t\t\t\t\t<div class=\"elementor-column elementor-col-50 elementor-inner-column elementor-element elementor-element-6452b8e\" data-id=\"6452b8e\" data-element_type=\"column\">\n\t\t\t<div class=\"elementor-widget-wrap elementor-element-populated\">\n\t\t\t\t\t\t<div class=\"elementor-element elementor-element-6986a442 elementor-widget elementor-widget-heading\" data-id=\"6986a442\" data-element_type=\"widget\" data-widget_type=\"heading.default\">\n\t\t\t\t<div class=\"elementor-widget-container\">\n\t\t\t<h4 class=\"elementor-heading-title elementor-size-default\">POESIE<\/h4>\t\t<\/div>\n\t\t\t\t<\/div>\n\t\t\t\t<div class=\"elementor-element elementor-element-497d71a9 elementor-widget-divider--view-line elementor-widget elementor-widget-divider\" data-id=\"497d71a9\" data-element_type=\"widget\" data-widget_type=\"divider.default\">\n\t\t\t\t<div class=\"elementor-widget-container\">\n\t\t\t\t\t<div class=\"elementor-divider\">\n\t\t\t<span class=\"elementor-divider-separator\">\n\t\t\t\t\t\t<\/span>\n\t\t<\/div>\n\t\t\t\t<\/div>\n\t\t\t\t<\/div>\n\t\t\t\t<div class=\"elementor-element elementor-element-61f157f4 elementor-widget elementor-widget-text-editor\" data-id=\"61f157f4\" data-element_type=\"widget\" data-widget_type=\"text-editor.default\">\n\t\t\t\t<div class=\"elementor-widget-container\">\n\t\t\t\t\t\t\t<p>1939 &#8211; Cahier d\u2019un retour au pays natal, Revue Volont\u00e9s<br>1946 &#8211; Les Armes miraculeuses, 1946, Gallimard, Paris,<br>1947 &#8211; Soleil cou coup\u00e9, 1947, \u00c9ditions K<br>1950 &#8211; Corps perdu (gravures de Picasso), \u00c9ditions Fragrance, Paris, 1950<br>1960 &#8211; Ferrements, Seuil, Paris, 1960,<br>1961 &#8211; Cadastre, Seuil, Paris, 1961<br>1976 &#8211; \u0152uvres compl\u00e8tes (trois volumes), Desormeaux, Fort-de-France, 1976<br>1982 &#8211; Moi, laminaire, Seuil, Paris, 1982<\/p>\t\t\t\t\t\t<\/div>\n\t\t\t\t<\/div>\n\t\t\t\t\t<\/div>\n\t\t<\/div>\n\t\t\t\t<div class=\"elementor-column elementor-col-50 elementor-inner-column elementor-element elementor-element-7c3aea40\" data-id=\"7c3aea40\" data-element_type=\"column\">\n\t\t\t<div class=\"elementor-widget-wrap elementor-element-populated\">\n\t\t\t\t\t\t<div class=\"elementor-element elementor-element-7afc8783 elementor-widget elementor-widget-heading\" data-id=\"7afc8783\" data-element_type=\"widget\" data-widget_type=\"heading.default\">\n\t\t\t\t<div class=\"elementor-widget-container\">\n\t\t\t<h4 class=\"elementor-heading-title elementor-size-default\">THEATRE<\/h4>\t\t<\/div>\n\t\t\t\t<\/div>\n\t\t\t\t<div class=\"elementor-element elementor-element-5d2dfa85 elementor-widget-divider--view-line elementor-widget elementor-widget-divider\" data-id=\"5d2dfa85\" data-element_type=\"widget\" data-widget_type=\"divider.default\">\n\t\t\t\t<div class=\"elementor-widget-container\">\n\t\t\t\t\t<div class=\"elementor-divider\">\n\t\t\t<span class=\"elementor-divider-separator\">\n\t\t\t\t\t\t<\/span>\n\t\t<\/div>\n\t\t\t\t<\/div>\n\t\t\t\t<\/div>\n\t\t\t\t<div class=\"elementor-element elementor-element-510f0569 elementor-widget elementor-widget-text-editor\" data-id=\"510f0569\" data-element_type=\"widget\" data-widget_type=\"text-editor.default\">\n\t\t\t\t<div class=\"elementor-widget-container\">\n\t\t\t\t\t\t\t<p style=\"color: rgb(0, 0, 0); font-family: Neuton, sans-serif;\">1958 &#8211; Et les chiens se taisaient, Pr\u00e9sence africaine, Paris, 1958<br>1963 &#8211; La Trag\u00e9die du roi Christophe, Pr\u00e9sence africaine, Paris, 1963<br>1966 &#8211; Une saison au Congo, Seuil, Paris, 1966,<br>1969 &#8211; Une Temp\u00eate, d\u2019apr\u00e8s La Temp\u00eate de William Shakespeare : adaptation pour un th\u00e9\u00e2tre n\u00e8gre, Seuil, Paris, 1969,<\/p>\t\t\t\t\t\t<\/div>\n\t\t\t\t<\/div>\n\t\t\t\t\t<\/div>\n\t\t<\/div>\n\t\t\t\t\t<\/div>\n\t\t<\/section>\n\t\t\t\t<section class=\"elementor-section elementor-inner-section elementor-element elementor-element-ede54aa elementor-section-content-middle elementor-section-boxed elementor-section-height-default elementor-section-height-default\" data-id=\"ede54aa\" data-element_type=\"section\">\n\t\t\t\t\t\t<div class=\"elementor-container elementor-column-gap-no\">\n\t\t\t\t\t<div class=\"elementor-column elementor-col-50 elementor-inner-column elementor-element elementor-element-31a2c4ef\" data-id=\"31a2c4ef\" data-element_type=\"column\">\n\t\t\t<div class=\"elementor-widget-wrap elementor-element-populated\">\n\t\t\t\t\t\t<div class=\"elementor-element elementor-element-1c715e8c elementor-widget elementor-widget-heading\" data-id=\"1c715e8c\" data-element_type=\"widget\" data-widget_type=\"heading.default\">\n\t\t\t\t<div class=\"elementor-widget-container\">\n\t\t\t<h4 class=\"elementor-heading-title elementor-size-default\">ESSAIS<\/h4>\t\t<\/div>\n\t\t\t\t<\/div>\n\t\t\t\t<div class=\"elementor-element elementor-element-30b72c62 elementor-widget-divider--view-line elementor-widget elementor-widget-divider\" data-id=\"30b72c62\" data-element_type=\"widget\" data-widget_type=\"divider.default\">\n\t\t\t\t<div class=\"elementor-widget-container\">\n\t\t\t\t\t<div class=\"elementor-divider\">\n\t\t\t<span class=\"elementor-divider-separator\">\n\t\t\t\t\t\t<\/span>\n\t\t<\/div>\n\t\t\t\t<\/div>\n\t\t\t\t<\/div>\n\t\t\t\t<div class=\"elementor-element elementor-element-29b0942 elementor-widget elementor-widget-text-editor\" data-id=\"29b0942\" data-element_type=\"widget\" data-widget_type=\"text-editor.default\">\n\t\t\t\t<div class=\"elementor-widget-container\">\n\t\t\t\t\t\t\t<p><font color=\"#000000\" face=\"Neuton, sans-serif\">\u00ab Conscience raciale et r\u00e9volution sociale \u00bb, L\u2019\u00c9tudiant Noir, journal mensuel de l\u2019association des \u00e9tudiants martiniquais en France, mai-juin 1935<\/font><\/p><p><font color=\"#000000\" face=\"Neuton, sans-serif\">1948 &#8211; Esclavage et colonisation, Presses universitaires de France, Paris, 1948, r\u00e9\u00e9dition : Victor Sch\u0153lcher et l\u2019abolition de l\u2019esclavage, \u00c9ditions Le Capucin, Lectoure, 2004<\/font><\/p><p><font color=\"#000000\" face=\"Neuton, sans-serif\">1950 &#8211; Discours sur le colonialisme, \u00e9ditions R\u00e9clame, Paris, 1950 ; \u00e9ditions Pr\u00e9sence africaine, 1955<\/font><\/p><p><font color=\"#000000\" face=\"Neuton, sans-serif\">1987 &#8211; Discours sur la n\u00e9gritude, 1987, Paris, Pr\u00e9sence africaine, 2004.<\/font><\/p><p><font color=\"#000000\" face=\"Neuton, sans-serif\">Aim\u00e9 C\u00e9saire, \u00e9crits politiques, vol. 1-5, Paris, Jean Michel Place, 2013-2018.<\/font><\/p>\t\t\t\t\t\t<\/div>\n\t\t\t\t<\/div>\n\t\t\t\t\t<\/div>\n\t\t<\/div>\n\t\t\t\t<div class=\"elementor-column elementor-col-50 elementor-inner-column elementor-element elementor-element-663ba394\" data-id=\"663ba394\" data-element_type=\"column\">\n\t\t\t<div class=\"elementor-widget-wrap elementor-element-populated\">\n\t\t\t\t\t\t<div class=\"elementor-element elementor-element-3c8fdf28 elementor-widget elementor-widget-heading\" data-id=\"3c8fdf28\" data-element_type=\"widget\" data-widget_type=\"heading.default\">\n\t\t\t\t<div class=\"elementor-widget-container\">\n\t\t\t<h4 class=\"elementor-heading-title elementor-size-default\">CORRESPONDANCES<\/h4>\t\t<\/div>\n\t\t\t\t<\/div>\n\t\t\t\t<div class=\"elementor-element elementor-element-408ef21e elementor-widget-divider--view-line elementor-widget elementor-widget-divider\" data-id=\"408ef21e\" data-element_type=\"widget\" data-widget_type=\"divider.default\">\n\t\t\t\t<div class=\"elementor-widget-container\">\n\t\t\t\t\t<div class=\"elementor-divider\">\n\t\t\t<span class=\"elementor-divider-separator\">\n\t\t\t\t\t\t<\/span>\n\t\t<\/div>\n\t\t\t\t<\/div>\n\t\t\t\t<\/div>\n\t\t\t\t<div class=\"elementor-element elementor-element-63f1cb2a elementor-widget elementor-widget-text-editor\" data-id=\"63f1cb2a\" data-element_type=\"widget\" data-widget_type=\"text-editor.default\">\n\t\t\t\t<div class=\"elementor-widget-container\">\n\t\t\t\t\t\t\t<p><font color=\"#000000\" face=\"Neuton, sans-serif\">1956 &#8211; Lettre \u00e0 Maurice Thorez, Pr\u00e9sence africaine, 16 pages, (avant-propos de Alioune Diop).<\/font><\/p><p><font color=\"#000000\" face=\"Neuton, sans-serif\">Biographie[<\/font><\/p><p><font color=\"#000000\" face=\"Neuton, sans-serif\">1962 &#8211; Toussaint Louverture, La r\u00e9volution Fran\u00e7aise et le probl\u00e8me colonial, Pr\u00e9sence africaine, Paris<\/font><\/p>\t\t\t\t\t\t<\/div>\n\t\t\t\t<\/div>\n\t\t\t\t\t<\/div>\n\t\t<\/div>\n\t\t\t\t\t<\/div>\n\t\t<\/section>\n\t\t\t\t\t<\/div>\n\t\t<\/div>\n\t\t\t\t\t<\/div>\n\t\t<\/section>\n\t\t\t\t<\/div>\n\t\t","protected":false},"excerpt":{"rendered":"<p>&#8220;J\u2019ai l\u2019honneur de saluer ici le premier grand po\u00e8te noir qui a rompu ses amarres et s\u2019\u00e9lance, sans se pr\u00e9occuper d\u2019aucune \u00e9toile polaire, d\u2019aucune croix du Sud intellectuelle, avec pour seul guide son d\u00e9sir aveugle.&#8221;Benjamin Peret Po\u00e8te dramaturge, homme de lettres, Aim\u00e9 c\u00e9saire \u00e9labore en compagnie de Leopold Sedar Senghor et L\u00e9on Gontran Damas le &#8230; <a title=\"Biographie\" class=\"read-more\" href=\"https:\/\/tropiques-atrium.fr\/le-mois-laminaire\/biographie\/\" aria-label=\"Plus sur Biographie\">Read more<\/a><\/p>\n","protected":false},"author":1,"featured_media":0,"parent":0,"menu_order":0,"comment_status":"closed","ping_status":"closed","template":"elementor_header_footer","meta":{"footnotes":""},"yoast_head":"<!-- This site is optimized with the Yoast SEO plugin v22.0 - https:\/\/yoast.com\/wordpress\/plugins\/seo\/ -->\n<title>Biographie - Le Moi(s) Laminaire<\/title>\n<meta name=\"robots\" content=\"index, follow, max-snippet:-1, max-image-preview:large, max-video-preview:-1\" \/>\n<link rel=\"canonical\" href=\"https:\/\/tropiques-atrium.fr\/le-mois-laminaire\/biographie\/\" \/>\n<meta property=\"og:locale\" content=\"fr_FR\" \/>\n<meta property=\"og:type\" content=\"article\" \/>\n<meta property=\"og:title\" content=\"Biographie - Le Moi(s) Laminaire\" \/>\n<meta property=\"og:description\" content=\"&#8220;J\u2019ai l\u2019honneur de saluer ici le premier grand po\u00e8te noir qui a rompu ses amarres et s\u2019\u00e9lance, sans se pr\u00e9occuper d\u2019aucune \u00e9toile polaire, d\u2019aucune croix du Sud intellectuelle, avec pour seul guide son d\u00e9sir aveugle.&#8221;Benjamin Peret Po\u00e8te dramaturge, homme de lettres, Aim\u00e9 c\u00e9saire \u00e9labore en compagnie de Leopold Sedar Senghor et L\u00e9on Gontran Damas le ... Read more\" \/>\n<meta property=\"og:url\" content=\"https:\/\/tropiques-atrium.fr\/le-mois-laminaire\/biographie\/\" \/>\n<meta property=\"og:site_name\" content=\"Le Moi(s) Laminaire\" \/>\n<meta property=\"article:modified_time\" content=\"2020-06-04T14:21:55+00:00\" \/>\n<meta property=\"og:image\" content=\"https:\/\/tropiques-atrium.fr\/le-mois-laminaire\/wp-content\/uploads\/sites\/4\/2020\/06\/signature.gif\" \/>\n<meta name=\"twitter:card\" content=\"summary_large_image\" \/>\n<meta name=\"twitter:label1\" content=\"Dur\u00e9e de lecture estim\u00e9e\" \/>\n\t<meta name=\"twitter:data1\" content=\"2 minutes\" \/>\n<!-- \/ Yoast SEO plugin. -->","yoast_head_json":{"title":"Biographie - Le Moi(s) Laminaire","robots":{"index":"index","follow":"follow","max-snippet":"max-snippet:-1","max-image-preview":"max-image-preview:large","max-video-preview":"max-video-preview:-1"},"canonical":"https:\/\/tropiques-atrium.fr\/le-mois-laminaire\/biographie\/","og_locale":"fr_FR","og_type":"article","og_title":"Biographie - Le Moi(s) Laminaire","og_description":"&#8220;J\u2019ai l\u2019honneur de saluer ici le premier grand po\u00e8te noir qui a rompu ses amarres et s\u2019\u00e9lance, sans se pr\u00e9occuper d\u2019aucune \u00e9toile polaire, d\u2019aucune croix du Sud intellectuelle, avec pour seul guide son d\u00e9sir aveugle.&#8221;Benjamin Peret Po\u00e8te dramaturge, homme de lettres, Aim\u00e9 c\u00e9saire \u00e9labore en compagnie de Leopold Sedar Senghor et L\u00e9on Gontran Damas le ... Read more","og_url":"https:\/\/tropiques-atrium.fr\/le-mois-laminaire\/biographie\/","og_site_name":"Le Moi(s) Laminaire","article_modified_time":"2020-06-04T14:21:55+00:00","og_image":[{"url":"https:\/\/tropiques-atrium.fr\/le-mois-laminaire\/wp-content\/uploads\/sites\/4\/2020\/06\/signature.gif"}],"twitter_card":"summary_large_image","twitter_misc":{"Dur\u00e9e de lecture estim\u00e9e":"2 minutes"},"schema":{"@context":"https:\/\/schema.org","@graph":[{"@type":"WebPage","@id":"https:\/\/tropiques-atrium.fr\/le-mois-laminaire\/biographie\/","url":"https:\/\/tropiques-atrium.fr\/le-mois-laminaire\/biographie\/","name":"Biographie - Le Moi(s) Laminaire","isPartOf":{"@id":"https:\/\/tropiques-atrium.fr\/le-mois-laminaire\/#website"},"datePublished":"2020-06-02T14:22:14+00:00","dateModified":"2020-06-04T14:21:55+00:00","breadcrumb":{"@id":"https:\/\/tropiques-atrium.fr\/le-mois-laminaire\/biographie\/#breadcrumb"},"inLanguage":"fr-FR","potentialAction":[{"@type":"ReadAction","target":["https:\/\/tropiques-atrium.fr\/le-mois-laminaire\/biographie\/"]}]},{"@type":"BreadcrumbList","@id":"https:\/\/tropiques-atrium.fr\/le-mois-laminaire\/biographie\/#breadcrumb","itemListElement":[{"@type":"ListItem","position":1,"name":"Accueil","item":"https:\/\/tropiques-atrium.fr\/le-mois-laminaire\/"},{"@type":"ListItem","position":2,"name":"Biographie"}]},{"@type":"WebSite","@id":"https:\/\/tropiques-atrium.fr\/le-mois-laminaire\/#website","url":"https:\/\/tropiques-atrium.fr\/le-mois-laminaire\/","name":"Le Moi(s) Laminaire","description":"Un site utilisant Les sites de Tropiques-Atrium","publisher":{"@id":"https:\/\/tropiques-atrium.fr\/le-mois-laminaire\/#organization"},"potentialAction":[{"@type":"SearchAction","target":{"@type":"EntryPoint","urlTemplate":"https:\/\/tropiques-atrium.fr\/le-mois-laminaire\/?s={search_term_string}"},"query-input":"required name=search_term_string"}],"inLanguage":"fr-FR"},{"@type":"Organization","@id":"https:\/\/tropiques-atrium.fr\/le-mois-laminaire\/#organization","name":"Le Moi(s) Laminaire","url":"https:\/\/tropiques-atrium.fr\/le-mois-laminaire\/","logo":{"@type":"ImageObject","inLanguage":"fr-FR","@id":"https:\/\/tropiques-atrium.fr\/le-mois-laminaire\/#\/schema\/logo\/image\/","url":"https:\/\/tropiques-atrium.fr\/le-mois-laminaire\/wp-content\/uploads\/sites\/4\/2020\/06\/MoiS_Laminaire_logo-pt.png","contentUrl":"https:\/\/tropiques-atrium.fr\/le-mois-laminaire\/wp-content\/uploads\/sites\/4\/2020\/06\/MoiS_Laminaire_logo-pt.png","width":300,"height":128,"caption":"Le Moi(s) Laminaire"},"image":{"@id":"https:\/\/tropiques-atrium.fr\/le-mois-laminaire\/#\/schema\/logo\/image\/"}}]}},"amp_enabled":false,"_links":{"self":[{"href":"https:\/\/tropiques-atrium.fr\/le-mois-laminaire\/wp-json\/wp\/v2\/pages\/272"}],"collection":[{"href":"https:\/\/tropiques-atrium.fr\/le-mois-laminaire\/wp-json\/wp\/v2\/pages"}],"about":[{"href":"https:\/\/tropiques-atrium.fr\/le-mois-laminaire\/wp-json\/wp\/v2\/types\/page"}],"author":[{"embeddable":true,"href":"https:\/\/tropiques-atrium.fr\/le-mois-laminaire\/wp-json\/wp\/v2\/users\/1"}],"replies":[{"embeddable":true,"href":"https:\/\/tropiques-atrium.fr\/le-mois-laminaire\/wp-json\/wp\/v2\/comments?post=272"}],"version-history":[{"count":16,"href":"https:\/\/tropiques-atrium.fr\/le-mois-laminaire\/wp-json\/wp\/v2\/pages\/272\/revisions"}],"predecessor-version":[{"id":334,"href":"https:\/\/tropiques-atrium.fr\/le-mois-laminaire\/wp-json\/wp\/v2\/pages\/272\/revisions\/334"}],"wp:attachment":[{"href":"https:\/\/tropiques-atrium.fr\/le-mois-laminaire\/wp-json\/wp\/v2\/media?parent=272"}],"curies":[{"name":"wp","href":"https:\/\/api.w.org\/{rel}","templated":true}]}}